{"id":1926,"date":"2023-11-09T13:58:36","date_gmt":"2023-11-09T13:58:36","guid":{"rendered":"https:\/\/beta.caminhosdefatima.org\/caminhos\/caminho-do-norte\/"},"modified":"2025-12-22T12:03:24","modified_gmt":"2025-12-22T12:03:24","slug":"noerdlicher-weg","status":"publish","type":"caminhos","link":"https:\/\/caminhosdefatima.org\/de\/wege\/noerdlicher-weg\/","title":{"rendered":"Von Norden nach Zentrum Weg"},"content":{"rendered":"\n<p>Dieser Weg f\u00fchrt durch den&nbsp;Norden und das Zentrum Portugals. In einer Szenerie von&nbsp;gro\u00dfer Sch\u00f6nheit und Vielfalt&nbsp;verwandelt sich die Natur- und Kulturlandschaft im Laufe der Route, wobei immer&nbsp;Fl\u00fcsse und Gebirge&nbsp;pr\u00e4sent sind, die ein altes Gebiet markieren, in dem kleine&nbsp;D\u00f6rfer, St\u00e4dtchen und St\u00e4dte auftauchen. <\/p>\n\n\n\n<p>Zwischen den Fl\u00fcssen Minho und Douro ist die Landschaft sehr gr\u00fcn und eine frische Brise vom Meer ist sp\u00fcrbar. Zwischen den Fl\u00fcssen Douro und Mondego kontrastieren die K\u00fcstenebenen mit dem Relief des Binnengebirges. <\/p>\n\n\n\n<p>S\u00fcdlich des Mondego verwandelt sich die Landschaft langsam, bis sie in das Karstmassiv der Estremadura m\u00fcndet, das die Serras von Aire und Candeeiros charakterisiert. Wanderer werden einen wichtigen Teil der Geografie, der Geschichte und der Kultur Portugals kennenlernen. Ein gro\u00dfer Teil des Caminho do Norte f\u00e4llt mit dem portugiesischen Abschnitt des Caminho de Santiago zusammen.&nbsp;&nbsp;<\/p>\n","protected":false},"featured_media":85,"menu_order":1000,"template":"","acf":[],"_links":{"self":[{"href":"https:\/\/caminhosdefatima.org\/de\/wp-json\/wp\/v2\/caminhos\/1926"}],"collection":[{"href":"https:\/\/caminhosdefatima.org\/de\/wp-json\/wp\/v2\/caminhos"}],"about":[{"href":"https:\/\/caminhosdefatima.org\/de\/wp-json\/wp\/v2\/types\/caminhos"}],"wp:featuredmedia":[{"embeddable":true,"href":"https:\/\/caminhosdefatima.org\/de\/wp-json\/wp\/v2\/media\/85"}],"wp:attachment":[{"href":"https:\/\/caminhosdefatima.org\/de\/wp-json\/wp\/v2\/media?parent=1926"}],"curies":[{"name":"wp","href":"https:\/\/api.w.org\/{rel}","templated":true}]}}