{"id":5537,"date":"2024-04-08T16:14:51","date_gmt":"2024-04-08T15:14:51","guid":{"rendered":"https:\/\/caminhosdefatima.org\/caminhos\/rota-de-tomar\/"},"modified":"2024-07-12T12:27:02","modified_gmt":"2024-07-12T11:27:02","slug":"route-von-tomar","status":"publish","type":"caminhos","link":"https:\/\/caminhosdefatima.org\/de\/wege\/route-von-tomar\/","title":{"rendered":"Route von Tomar"},"content":{"rendered":"\n<p>Der Weg von Tomar f\u00fchrt durch ein sehr altes Territorium, in dem Religiosit\u00e4t, Natur und Leben untrennbar miteinander verbunden sind. Vom historischen Templerkloster, das einst Sitz des Christusordens war und heute zum Weltkulturerbe z\u00e4hlt, bis hin zum symboltr\u00e4chtigen Marienheiligtum von F\u00e1tima ist die Landschaft durch Wasser und Stein gepr\u00e4gt. Der Fluss Nab\u00e3o und die B\u00e4che, die ihn speisen, sind mit dem Wassersystem des Tejo und seiner Nebenfl\u00fcsse verbunden, die die Felder kleiner Bauernh\u00f6fe bew\u00e4ssern. Am Horizont erhebt sich das vom Kalkstein beherrschte Massiv der Estremadura. Die umliegende Landschaft wirkt imposant, aber auch sehr ruhig und sch\u00f6n. Stadt- und Landr\u00e4ume wechseln sich harmonisch ab. Geschichte, Kultur und Kunst durchlaufen die verschiedenen Epochen der Vergangenheit und verschmelzen in der Gegenwart, in der die Erinnerung immer wieder neu belebt wird. Die Baudenkm\u00e4ler sind bemerkenswert, nicht nur wegen ihres Alters, sondern auch wegen der Verbindung meisterhafter Kunstformen.\u00a0 Kulturelle und soziale Erfahrungen werden durch Feste und Traditionen sowie eine reiche, authentische Gastronomie gepr\u00e4gt. In diesem Zusammenhang sticht das Festa dos Tabuleiros hervor, das von der UNESCO in die Liste des immateriellen Kulturerbes aufgenommen wurde.<\/p>\n","protected":false},"featured_media":5480,"menu_order":490,"template":"","acf":[],"_links":{"self":[{"href":"https:\/\/caminhosdefatima.org\/de\/wp-json\/wp\/v2\/caminhos\/5537"}],"collection":[{"href":"https:\/\/caminhosdefatima.org\/de\/wp-json\/wp\/v2\/caminhos"}],"about":[{"href":"https:\/\/caminhosdefatima.org\/de\/wp-json\/wp\/v2\/types\/caminhos"}],"wp:featuredmedia":[{"embeddable":true,"href":"https:\/\/caminhosdefatima.org\/de\/wp-json\/wp\/v2\/media\/5480"}],"wp:attachment":[{"href":"https:\/\/caminhosdefatima.org\/de\/wp-json\/wp\/v2\/media?parent=5537"}],"curies":[{"name":"wp","href":"https:\/\/api.w.org\/{rel}","templated":true}]}}