{"id":2356,"date":"2023-12-01T16:20:00","date_gmt":"2023-12-01T16:20:00","guid":{"rendered":"https:\/\/beta.caminhosdefatima.org\/jornadas\/caminho-do-norte-11a-jornada\/"},"modified":"2023-12-20T19:56:55","modified_gmt":"2023-12-20T19:56:55","slug":"noerdlicher-weg-etappe-11","status":"publish","type":"jornadas","link":"https:\/\/caminhosdefatima.org\/de\/reises\/noerdlicher-weg-etappe-11\/","title":{"rendered":"N\u00f6rdlicher Weg &#8211; Etappe 11"},"content":{"rendered":"\n<p>Die elfte Wegetappe beginnt&nbsp;an der Gemeindekirche von&nbsp;Mealhada&nbsp;(Avenida Comendador Messias Baptista) und&nbsp;endet in&nbsp;Coimbra, an der Kirche von Santa Cruz (Pra\u00e7a 8 de Maio). Sie ist 23 km lang und kann in 5 Stunden zur\u00fcckgelegt werden, wobei die Route vielf\u00e4ltig ist und die H\u00f6henunterschiede zwischen 5 und 143 Metern liegen. Ihr&nbsp;Schwierigkeitsgrad ist leicht. Die Umgebung ist divers und beinhaltet sowohl l\u00e4ndliche als auch urbane R\u00e4ume, bietet aber die Voraussetzungen f\u00fcr eine&nbsp;ruhige Wanderung.&nbsp;<\/p>\n\n\n\n<p>Die Etappe befindet sich im Zentrum von Portugal in einer \u00dcbergangsregion zwischen den Bezirken Aveiro und Coimbra und entfernt sich allm\u00e4hlich von den Regionen, die vom Meer gepr\u00e4gt sind, um sich eher dem Landesinneren anzun\u00e4hern. Die Route durchquert die Gemeinden Mealhada und Coimbra mit alten Siedlungen und markanten Natur- und Kulturlandschaften. Hier befinden sich entlang des gro\u00dfen Flusses und seiner Zufl\u00fcsse die fruchtbaren&nbsp;Ebenen des&nbsp;Mondego, die die Landschaft wesentlich pr\u00e4gen.&nbsp;<\/p>\n\n\n\n<p>Das&nbsp;Kulturerbe&nbsp;ist wertvoll und attraktiv und zeichnet sich durch Alter und Authentizit\u00e4t, Anzahl und Vielfalt seiner Elemente aus.<\/p>\n","protected":false},"featured_media":1303,"template":"","acf":[],"_links":{"self":[{"href":"https:\/\/caminhosdefatima.org\/de\/wp-json\/wp\/v2\/jornadas\/2356"}],"collection":[{"href":"https:\/\/caminhosdefatima.org\/de\/wp-json\/wp\/v2\/jornadas"}],"about":[{"href":"https:\/\/caminhosdefatima.org\/de\/wp-json\/wp\/v2\/types\/jornadas"}],"wp:featuredmedia":[{"embeddable":true,"href":"https:\/\/caminhosdefatima.org\/de\/wp-json\/wp\/v2\/media\/1303"}],"wp:attachment":[{"href":"https:\/\/caminhosdefatima.org\/de\/wp-json\/wp\/v2\/media?parent=2356"}],"curies":[{"name":"wp","href":"https:\/\/api.w.org\/{rel}","templated":true}]}}