{"id":2359,"date":"2023-12-01T16:40:15","date_gmt":"2023-12-01T16:40:15","guid":{"rendered":"https:\/\/beta.caminhosdefatima.org\/jornadas\/caminho-do-norte-14a-jornada\/"},"modified":"2023-12-21T07:30:12","modified_gmt":"2023-12-21T07:30:12","slug":"noerdlicher-weg-etappe-14","status":"publish","type":"jornadas","link":"https:\/\/caminhosdefatima.org\/de\/reises\/noerdlicher-weg-etappe-14\/","title":{"rendered":"N\u00f6rdlicher Weg &#8211; Etappe 14"},"content":{"rendered":"\n<p>Die vierzehnte Wegstrecke\u00a0beginnt an der Hauptkirche des Dorfes Raba\u00e7al\u00a0(Rua da Igreja) und\u00a0endet an der Gemeindekirche im St\u00e4dtchen\u00a0Ansi\u00e3o\u00a0(Rua Conselheiro Ant\u00f3nio Jos\u00e9 da Silva). Sie ist 19,5 km lang und kann in\u00a05 Stunden und 30 Minuten zur\u00fcckgelegt werden. Dieser Wegteil f\u00fchrt durch unterschiedliche Landschaften mit H\u00f6hen bis zu 300m, sodass er als eine\u00a0schwierige Etappe klassifiziert ist. Es ist eine Route f\u00fcr eine\u00a0ruhige Wanderung\u00a0in einer Umgebung, in der Natur und Leben eine enge Verbindung eingehen und ein Nachdenken im Sinne einer echten Spiritualit\u00e4t beg\u00fcnstigt wird.\u00a0\u00a0<\/p>\n\n\n\n<p>Sie f\u00fchrt durch die Gemeinden Penela und Ansi\u00e3o, entlang des breiten Tals von Raba\u00e7al, durchquert charakteristische Siedlungen in der&nbsp;Serra von Sic\u00f3, mitten in einer erhabenen Karstlandschaft. Hier schuf die Natur ihre eigene Geschichte. Das Szenario zeichnet sich durch eine immense Gr\u00f6\u00dfe des nat\u00fcrlichen Raumes aus, in dem&nbsp;kleine D\u00f6rfer&nbsp;mit landwirtschaftlich genutzten Grundst\u00fccken f\u00fcr Trockenfeldbau sowie Weideland f\u00fcr die traditionellen Schaf- und Ziegenherden auftauchen.<\/p>\n","protected":false},"featured_media":1390,"template":"","acf":[],"_links":{"self":[{"href":"https:\/\/caminhosdefatima.org\/de\/wp-json\/wp\/v2\/jornadas\/2359"}],"collection":[{"href":"https:\/\/caminhosdefatima.org\/de\/wp-json\/wp\/v2\/jornadas"}],"about":[{"href":"https:\/\/caminhosdefatima.org\/de\/wp-json\/wp\/v2\/types\/jornadas"}],"wp:featuredmedia":[{"embeddable":true,"href":"https:\/\/caminhosdefatima.org\/de\/wp-json\/wp\/v2\/media\/1390"}],"wp:attachment":[{"href":"https:\/\/caminhosdefatima.org\/de\/wp-json\/wp\/v2\/media?parent=2359"}],"curies":[{"name":"wp","href":"https:\/\/api.w.org\/{rel}","templated":true}]}}