{"id":2873,"date":"2023-11-09T13:58:03","date_gmt":"2023-11-09T13:58:03","guid":{"rendered":"https:\/\/beta.caminhosdefatima.org\/caminhos\/caminho-da-nazare\/"},"modified":"2023-12-21T14:39:38","modified_gmt":"2023-12-21T14:39:38","slug":"chemin-de-nazare","status":"publish","type":"caminhos","link":"https:\/\/caminhosdefatima.org\/fr\/chemins\/chemin-de-nazare\/","title":{"rendered":"Chemin de Nazar\u00e9"},"content":{"rendered":"\n<p>Cet itin\u00e9raire est situ\u00e9 sur un territoire caract\u00e9ristique du centre du Portugal, qui s&rsquo;\u00e9tend de la c\u00f4te atlantique jusqu\u2019aux reliefs de l\u2019int\u00e9rieur des terres. Il relie deux sanctuaires mariaux importants\u202f: le sanctuaire historique de Notre-Dame de Nazar\u00e9, dont l&rsquo;origine remonte \u00e0 des temps ancestraux, implant\u00e9 sur un promontoire ou <em>finisterra<\/em> surplombant la mer, et le remarquable sanctuaire de F\u00e1tima, construit \u00e0 partir du XX<sup>e<\/sup>\u202fsi\u00e8cle \u00e0 Cova da Iria, lieu des apparitions de\u202f1917.&nbsp;<\/p>\n\n\n\n<p>Le paysage est vari\u00e9. La marche traverse d\u2019abord les anciennes terres des moines cisterciens dans un d\u00e9cor marqu\u00e9 par l\u2019influence de la mer, avant d\u2019entrer dans une zone de pin\u00e8de et de plaine. On p\u00e9n\u00e8tre ensuite au c\u0153ur des serras d\u2019Aire et de Candeeiros avant de poursuivre jusqu\u2019\u00e0 la destination finale<strong> <\/strong>par le plateau de S\u00e3o Mamede, caract\u00e9ristique de la r\u00e9gion. Tout au long du Chemin, la nature domine dans un d\u00e9cor sur lequel se d\u00e9tachent des villages ruraux et de petites agglom\u00e9rations urbaines. Les \u00e9glises, les chapelles, les ermitages et les petits sanctuaires locaux servent de points de rep\u00e8re sur le parcours.&nbsp;<\/p>\n\n\n\n<p>Pr\u00e9parez-vous pour une marche de trois jours en direction du sanctuaire de F\u00e1tima, \u00e0 travers un territoire multis\u00e9culaire et multiculturel. Pour vous rep\u00e9rer en cours de route, consultez notre carte du Chemin de Nazar\u00e9 (vous trouverez le lien pour la t\u00e9l\u00e9charger, plus bas sur la page).<\/p>\n","protected":false},"featured_media":78,"menu_order":900,"template":"","acf":[],"_links":{"self":[{"href":"https:\/\/caminhosdefatima.org\/fr\/wp-json\/wp\/v2\/caminhos\/2873"}],"collection":[{"href":"https:\/\/caminhosdefatima.org\/fr\/wp-json\/wp\/v2\/caminhos"}],"about":[{"href":"https:\/\/caminhosdefatima.org\/fr\/wp-json\/wp\/v2\/types\/caminhos"}],"wp:featuredmedia":[{"embeddable":true,"href":"https:\/\/caminhosdefatima.org\/fr\/wp-json\/wp\/v2\/media\/78"}],"wp:attachment":[{"href":"https:\/\/caminhosdefatima.org\/fr\/wp-json\/wp\/v2\/media?parent=2873"}],"curies":[{"name":"wp","href":"https:\/\/api.w.org\/{rel}","templated":true}]}}