{"id":1550,"date":"2023-11-19T11:06:43","date_gmt":"2023-11-19T11:06:43","guid":{"rendered":"https:\/\/beta.caminhosdefatima.org\/jornadas\/caminho-do-tejo-3a-jornada\/"},"modified":"2024-11-25T16:02:18","modified_gmt":"2024-11-25T16:02:18","slug":"chemin-du-tage-jour-3","status":"publish","type":"jornadas","link":"https:\/\/caminhosdefatima.org\/fr\/jours\/chemin-du-tage-jour-3\/","title":{"rendered":"Chemin du Tage \u2013 Jour 3"},"content":{"rendered":"\n<p>Les\u00a019\u00a0km\u00a0qui s\u00e9parent\u00a0Vila Franca de Xira d\u2019Azambuja\u00a0peuvent \u00eatre parcourus en une marche d\u2019une dur\u00e9e de\u00a05 heures<strong>.<\/strong><\/p>\n\n\n\n<p>\u00c0 l\u2019est, le parcours est encadr\u00e9 par le paysage caract\u00e9ristique de la&nbsp;Lisi\u00e8re du Tage, sillonn\u00e9 par des&nbsp;canaux naturels et des canaux d\u2019irrigation (<em>esteiros&nbsp;<\/em>et&nbsp;<em>valadas<\/em>), et o\u00f9 s\u2019\u00e9l\u00e8vent des fr\u00eanes et s\u2019\u00e9tendent des roseli\u00e8res. \u00c0 l\u2019ouest, le cadre est dessin\u00e9 par des monts, o\u00f9 se dressent des pins et des ch\u00eanes-li\u00e8ges.&nbsp;<\/p>\n\n\n\n<p>Tout au long de cette \u00e9tape, nous sommes entour\u00e9s par la&nbsp;nature&nbsp;et le&nbsp;paysage. Nous pourrons m\u00eame parcourir une partie de la Vala do Carregado, et ensuite la Vala Real da Azambuja, o\u00f9 la proximit\u00e9 de l\u2019eau est impressionnante. Mais le&nbsp;paysage urbain historique&nbsp;pr\u00e9sente lui aussi bien des attraits et on peut notamment contempler les habitations group\u00e9es autour des anciennes fermes et le patrimoine culturel b\u00e2ti des villages et bourgs tels que Vila Nova da Rainha et Azambuja, o\u00f9 les&nbsp;\u00e9glises et les \u00e9quipements culturels&nbsp;sont des \u00e9l\u00e9ments de r\u00e9f\u00e9rence essentiels.<\/p>\n","protected":false},"featured_media":657,"template":"","acf":[],"_links":{"self":[{"href":"https:\/\/caminhosdefatima.org\/fr\/wp-json\/wp\/v2\/jornadas\/1550"}],"collection":[{"href":"https:\/\/caminhosdefatima.org\/fr\/wp-json\/wp\/v2\/jornadas"}],"about":[{"href":"https:\/\/caminhosdefatima.org\/fr\/wp-json\/wp\/v2\/types\/jornadas"}],"wp:featuredmedia":[{"embeddable":true,"href":"https:\/\/caminhosdefatima.org\/fr\/wp-json\/wp\/v2\/media\/657"}],"wp:attachment":[{"href":"https:\/\/caminhosdefatima.org\/fr\/wp-json\/wp\/v2\/media?parent=1550"}],"curies":[{"name":"wp","href":"https:\/\/api.w.org\/{rel}","templated":true}]}}