{"id":2283,"date":"2023-12-01T16:05:44","date_gmt":"2023-12-01T16:05:44","guid":{"rendered":"https:\/\/beta.caminhosdefatima.org\/jornadas\/caminho-do-norte-7a-jornada\/"},"modified":"2023-12-20T17:13:59","modified_gmt":"2023-12-20T17:13:59","slug":"chemin-du-nord-jour-7","status":"publish","type":"jornadas","link":"https:\/\/caminhosdefatima.org\/fr\/jours\/chemin-du-nord-jour-7\/","title":{"rendered":"Chemin du Nord \u2013 Jour 7"},"content":{"rendered":"\n<p>La septi\u00e8me \u00e9tape du Chemin&nbsp;commence \u00e0 Porto&nbsp;pr\u00e8s de la S\u00e9 et&nbsp;se termine \u00e0 Lourosa&nbsp;pr\u00e8s de la Capela S Miguel (chapelle Saint-Michel), \u00e9galement connue sous le nom de Capela da Feira dos Dez sur le Largo da Feira dos Dez. Cette \u00e9tape couvre une distance de&nbsp;24,2&nbsp;km, qui peuvent \u00eatre parcourus&nbsp;en 6h30; c\u2019est un parcours au relief peu accident\u00e9, l\u2019altitude variant entre&nbsp;2 et 220&nbsp;m, avec un&nbsp;degr\u00e9 de difficult\u00e9 de niveau&nbsp;interm\u00e9diaire. Il est trac\u00e9 dans un&nbsp;environnement vari\u00e9. Au commencement, le d\u00e9cor est principalement urbain: c\u2019est pourquoi nous vous recommandons de prendre vos pr\u00e9cautions afin d\u2019effectuer une&nbsp;marche agr\u00e9able&nbsp;en toute s\u00e9curit\u00e9.<\/p>\n\n\n\n<p>Au cours de cette \u00e9tape, le Chemin&nbsp;franchit le Douro&nbsp;et passe par le territoire des municipalit\u00e9s de Porto, de Gaia et de Santa Maria da Feira, qui font toutes partie de l\u2019aire m\u00e9tropolitaine de Porto. Sur votre trajet, vous trouverez les structures d\u2019accueil n\u00e9cessaires aux marcheurs et p\u00e8lerins.<\/p>\n\n\n\n<p>Nombreuses y sont les invitations \u00e0 la contemplation. La nature r\u00e9serve ici des moments de grande beaut\u00e9. Le passage au-dessus du&nbsp;Douro&nbsp;est inoubliable et la travers\u00e9e de la&nbsp;Serra de Negrelos, un r\u00e9confort pour l\u2019\u00e2me. Le patrimoine culturel de la r\u00e9gion offre&nbsp;monuments et mus\u00e9es, qui attestent de la valeur de son Histoire et de son dynamisme actuel. Afin que vous puissiez les d\u00e9couvrir, nous vous conseillons de planifier votre journ\u00e9e de fa\u00e7on \u00e0 vous m\u00e9nager des&nbsp;haltes d\u00e9di\u00e9es \u00e0 l\u2019observation et au ravissement. Vous pouvez m\u00eame organiser votre parcours en deux parties articul\u00e9es autour de la ville de Grij\u00f3.<\/p>\n","protected":false},"featured_media":1136,"template":"","acf":[],"_links":{"self":[{"href":"https:\/\/caminhosdefatima.org\/fr\/wp-json\/wp\/v2\/jornadas\/2283"}],"collection":[{"href":"https:\/\/caminhosdefatima.org\/fr\/wp-json\/wp\/v2\/jornadas"}],"about":[{"href":"https:\/\/caminhosdefatima.org\/fr\/wp-json\/wp\/v2\/types\/jornadas"}],"wp:featuredmedia":[{"embeddable":true,"href":"https:\/\/caminhosdefatima.org\/fr\/wp-json\/wp\/v2\/media\/1136"}],"wp:attachment":[{"href":"https:\/\/caminhosdefatima.org\/fr\/wp-json\/wp\/v2\/media?parent=2283"}],"curies":[{"name":"wp","href":"https:\/\/api.w.org\/{rel}","templated":true}]}}