{"id":2288,"date":"2023-12-01T16:23:11","date_gmt":"2023-12-01T16:23:11","guid":{"rendered":"https:\/\/beta.caminhosdefatima.org\/jornadas\/caminho-do-norte-12a-jornada\/"},"modified":"2023-12-21T06:53:21","modified_gmt":"2023-12-21T06:53:21","slug":"chemin-du-nord-jour-12","status":"publish","type":"jornadas","link":"https:\/\/caminhosdefatima.org\/fr\/jours\/chemin-du-nord-jour-12\/","title":{"rendered":"Chemin du Nord \u2013 Jour 12"},"content":{"rendered":"\n<p>\u00c0 Coimbra,&nbsp;le Chemin du Nord rejoint l\u2019Itin\u00e9raire carm\u00e9litain&nbsp;(<em>Rota Carmelita<\/em>). Cet itin\u00e9raire th\u00e9matique s\u2019inspire de la vie et de l\u2019\u0153uvre de s\u0153ur L\u00facia, l\u2019un des trois enfants de F\u00e1tima auxquels est apparue la Vierge. En effet, L\u00facia est entr\u00e9e au Carmel de Santa Teresa, \u00e0 Coimbra, en 1947, et y est rest\u00e9e jusqu\u2019\u00e0 sa mort en 2005.<\/p>\n\n\n\n<p>La&nbsp;douzi\u00e8me journ\u00e9e d\u00e9marre donc \u00e0 Coimbra&nbsp;pr\u00e8s de l\u2019Igreja Santa Cruz (Pra\u00e7a 8 de Maio) et, apr\u00e8s quelques m\u00e8tres, sur la Pra\u00e7a da Portagem, le Chemin vient \u00e0 suivre l\u2019Itin\u00e9raire carm\u00e9litain. La journ\u00e9e&nbsp;se termine \u00e0&nbsp;Condeixa-a-Nova, pr\u00e8s de l\u2019Igreja Matriz (\u00e9glise paroissiale principale) sur la Pra\u00e7a do Munic\u00edpio. L\u2019\u00e9tape couvre une distance de 16&nbsp;km, qui peuvent \u00eatre parcourus en 4h environ; c\u2019est un parcours au relief peu accident\u00e9 d\u2019une altitude maximum de 180&nbsp;m. Cette \u00e9tape pr\u00e9sente un&nbsp;degr\u00e9 de difficult\u00e9 de niveau interm\u00e9diaire&nbsp;et d\u2019excellentes conditions pour accomplir une&nbsp;agr\u00e9able randonn\u00e9e.<\/p>\n\n\n\n<p>Elle a pour cadre la r\u00e9gion Centre du Portugal, dans l\u2019environnement sp\u00e9cifique du territoire du&nbsp;Bas Mondego, zone de transition entre littoral et int\u00e9rieur des terres. Le parcours traverse des communes appartenant aux municipalit\u00e9s Coimbra et de Condeixa-a-Nova. C\u2019est une zone de&nbsp;peuplement tr\u00e8s ancien&nbsp;o\u00f9 le paysage, naturel et humain, est domin\u00e9 par l\u2019abondance de l\u2019eau, qui alimente des&nbsp;champs verdoyants&nbsp;et des&nbsp;jardins urbains.<\/p>\n","protected":false},"featured_media":1314,"template":"","acf":[],"_links":{"self":[{"href":"https:\/\/caminhosdefatima.org\/fr\/wp-json\/wp\/v2\/jornadas\/2288"}],"collection":[{"href":"https:\/\/caminhosdefatima.org\/fr\/wp-json\/wp\/v2\/jornadas"}],"about":[{"href":"https:\/\/caminhosdefatima.org\/fr\/wp-json\/wp\/v2\/types\/jornadas"}],"wp:featuredmedia":[{"embeddable":true,"href":"https:\/\/caminhosdefatima.org\/fr\/wp-json\/wp\/v2\/media\/1314"}],"wp:attachment":[{"href":"https:\/\/caminhosdefatima.org\/fr\/wp-json\/wp\/v2\/media?parent=2288"}],"curies":[{"name":"wp","href":"https:\/\/api.w.org\/{rel}","templated":true}]}}