{"id":3240,"date":"2023-12-11T17:12:23","date_gmt":"2023-12-11T17:12:23","guid":{"rendered":"https:\/\/beta.caminhosdefatima.org\/jornadas\/caminho-da-nazare-1a-jornada\/"},"modified":"2023-12-19T15:18:42","modified_gmt":"2023-12-19T15:18:42","slug":"chemin-de-nazare-jour-1","status":"publish","type":"jornadas","link":"https:\/\/caminhosdefatima.org\/fr\/jours\/chemin-de-nazare-jour-1\/","title":{"rendered":"Chemin de Nazar\u00e9 &#8211; Jour 1"},"content":{"rendered":"\n<p>Entre S\u00edtio da Nazar\u00e9, quartier de cette ville qui a la mer pour cadre, et le bourg de Pedreiras, avec pour d\u00e9cor la <em>serra<\/em>, il y a une distance de 24&nbsp;km, que l\u2019on peut parcourir en une journ\u00e9e, avec de petites haltes dans des lieux accueillants afin de profiter du paysage et de d\u00e9couvrir un patrimoine culturel et naturel surprenant. Le trajet pr\u00e9sente un niveau de difficult\u00e9 interm\u00e9diaire.<\/p>\n\n\n\n<p>Le Chemin traverse trois municipalit\u00e9s&nbsp;: Nazar\u00e9, Alcoba\u00e7a et Porto de M\u00f3s&nbsp;; il passe sur les terres que les moines cisterciens ont commenc\u00e9 \u00e0 exploiter et \u00e0 habiter \u00e0 partir de la fin du&nbsp;XII<sup>e<\/sup>&nbsp;si\u00e8cle et qui faisaient partie du territoire historique des <em>coutos <\/em>d\u2019Alcoba\u00e7a (domaines agricoles du monast\u00e8re situ\u00e9 dans cette ville). Les zones de pin\u00e8de sur sol sableux alternent avec les champs agricoles au sol alluvionnaire fertile, \u00e0 Valado dos Frades et \u00e0 Maiorga, o\u00f9 l\u2019on peut voir des villages et des bourgs appartenant \u00e0 des communes rurales prosp\u00e8res. La faune et la flore sont vari\u00e9es&nbsp;: on notera en particulier la pr\u00e9sence d\u2019oiseaux marins dans la zone d\u2019influence oc\u00e9anique, et diverses essences fruiti\u00e8res qui poussent dans les plaines cultiv\u00e9es, o\u00f9 la culture est aliment\u00e9e par des rivi\u00e8res et de petits cours d\u2019eau. Pour ce qui est du patrimoine architectural, vous pourrez d\u00e9couvrir, d\u00e8s le d\u00e9but de l\u2019itin\u00e9raire, l\u2019ensemble monumental que forment la chapelle du Souvenir (<em>Ermida da Mem\u00f3ria<\/em>) ainsi que l\u2019\u00e9glise et le sanctuaire consacr\u00e9s \u00e0 Notre-Dame de Nazar\u00e9. Au cours de votre parcours, parmi les \u00e9difices importants se trouvent le monast\u00e8re de Sainte-Marie, \u00e0 C\u00f3s, et le sanctuaire de Notre-Dame de la Lumi\u00e8re (<em>Nossa Senhora da Luz<\/em>), \u00e0 Castanheira. Vous pourrez \u00e9galement observer de petites chapelles qui se dessinent \u00e0 l\u2019horizon.<\/p>\n","protected":false},"featured_media":3025,"template":"","acf":[],"_links":{"self":[{"href":"https:\/\/caminhosdefatima.org\/fr\/wp-json\/wp\/v2\/jornadas\/3240"}],"collection":[{"href":"https:\/\/caminhosdefatima.org\/fr\/wp-json\/wp\/v2\/jornadas"}],"about":[{"href":"https:\/\/caminhosdefatima.org\/fr\/wp-json\/wp\/v2\/types\/jornadas"}],"wp:featuredmedia":[{"embeddable":true,"href":"https:\/\/caminhosdefatima.org\/fr\/wp-json\/wp\/v2\/media\/3025"}],"wp:attachment":[{"href":"https:\/\/caminhosdefatima.org\/fr\/wp-json\/wp\/v2\/media?parent=3240"}],"curies":[{"name":"wp","href":"https:\/\/api.w.org\/{rel}","templated":true}]}}