{"id":6609,"date":"2024-09-10T14:44:37","date_gmt":"2024-09-10T13:44:37","guid":{"rendered":"https:\/\/caminhosdefatima.org\/jornadas\/caminho-dos-candeeiros-3a-jornada\/"},"modified":"2024-09-19T15:02:39","modified_gmt":"2024-09-19T14:02:39","slug":"caminho-dos-candeeiros-3a-jornada","status":"publish","type":"jornadas","link":"https:\/\/caminhosdefatima.org\/fr\/jours\/caminho-dos-candeeiros-3a-jornada\/","title":{"rendered":"Chemin de Candeeiros &#8211; Jour 3"},"content":{"rendered":"\n<p>Lors de cette troisi\u00e8me journ\u00e9e, le Chemin continue de fa\u00e7on tranquille jusqu\u2019au sanctuaire de F\u00e1tima. Le parcours traverse un territoire au patrimoine culturel et naturel remarquable et dot\u00e9 d\u2019une importante biodiversit\u00e9. Il traverse les communes suivantes&nbsp;: Alvados, Alqueid\u00e3o da Serra, S\u00e3o Mamede et F\u00e1tima, dans les municipalit\u00e9s de Porto de M\u00f3s, Batalha et Our\u00e9m. \u00c0 Alvados, le b\u00e2ti, bien conserv\u00e9, se distribue le long de vieux chemins que bordent des murs de pierre, trac\u00e9s \u00e0 travers les champs et les collines, dans une pleine osmose entre ce qu\u2019ont construit les hommes et le d\u00e9cor naturel.<\/p>\n\n\n\n<p>Apr\u00e8s la mont\u00e9e de la Serra d\u2019Aire, par des coteaux et des vallons qui se dessinent vigoureusement dans un paysage agreste mais toujours d\u2019une surprenante beaut\u00e9, on poursuit par une descente tranquille au milieu de la v\u00e9g\u00e9tation et des bois, pour d\u00e9boucher sur le plateau de S\u00e3o Mamede. L\u00e0, vous rencontrerez une zone de peuplement \u00e9pars, compos\u00e9e de petits villages hospitaliers, entour\u00e9s de terrains agricoles, ponctu\u00e9s d\u2019oliviers, de ch\u00eanes et de ch\u00eanes verts, et vous pourrez vous r\u00e9galer de saveurs locales en contemplant un paysage color\u00e9. Ici, la toponymie traduit bien la g\u00e9ographie physique et l\u2019histoire locale. \u00c0 mesure que l\u2019on s\u2019approche de la destination finale, l\u2019atmosph\u00e8re, jusque-l\u00e0 nettement rurale, se marque de signes d\u2019un caract\u00e8re plus urbain. C\u2019est un territoire o\u00f9 les traditions ancestrales se marient aux modes de vie contemporains. Pour ce qui est du patrimoine culturel, on notera en particulier l\u2019\u00e9glise de S\u00e3o Mamede, les grottes de la Monnaie (<em>Grutas da Moeda<\/em>) et le village de Pia do Urso. La tradition du culte marial est ancienne sur ces terres. Tout pr\u00e8s, se trouve le sanctuaire de Notre-Dame des Foug\u00e8res (<em>Nossa Senhora do<\/em><em>Fetal<\/em>), avec son \u00e9glise et les habitations qui accueillent les p\u00e8lerins.<\/p>\n","protected":false},"featured_media":6859,"template":"","acf":[],"_links":{"self":[{"href":"https:\/\/caminhosdefatima.org\/fr\/wp-json\/wp\/v2\/jornadas\/6609"}],"collection":[{"href":"https:\/\/caminhosdefatima.org\/fr\/wp-json\/wp\/v2\/jornadas"}],"about":[{"href":"https:\/\/caminhosdefatima.org\/fr\/wp-json\/wp\/v2\/types\/jornadas"}],"wp:featuredmedia":[{"embeddable":true,"href":"https:\/\/caminhosdefatima.org\/fr\/wp-json\/wp\/v2\/media\/6859"}],"wp:attachment":[{"href":"https:\/\/caminhosdefatima.org\/fr\/wp-json\/wp\/v2\/media?parent=6609"}],"curies":[{"name":"wp","href":"https:\/\/api.w.org\/{rel}","templated":true}]}}