{"id":3650,"date":"2023-12-06T00:43:52","date_gmt":"2023-12-06T00:43:52","guid":{"rendered":"https:\/\/beta.caminhosdefatima.org\/parceiros\/"},"modified":"2024-02-07T07:37:57","modified_gmt":"2024-02-07T07:37:57","slug":"partenaires","status":"publish","type":"page","link":"https:\/\/caminhosdefatima.org\/fr\/partenaires\/","title":{"rendered":"Partenaires"},"content":{"rendered":"\n<h3 class=\"wp-block-heading has-medium-font-size\"><strong>S\u00e3o parceiros do Centro Nacional de Cultura na elabora\u00e7\u00e3o destes Caminhos:&nbsp;<\/strong><\/h3>\n\n\n\n<div class=\"wp-block-columns are-vertically-aligned-center is-layout-flex wp-container-core-columns-layout-1 wp-block-columns-is-layout-flex\">\n<div class=\"wp-block-column is-vertically-aligned-center is-layout-flow wp-block-column-is-layout-flow\">\n<figure class=\"wp-block-image size-full is-resized\"><a href=\"https:\/\/www.pathsoffaith.com\/pt-pt\" target=\"_blank\" rel=\"noreferrer noopener\"><img loading=\"lazy\" decoding=\"async\" width=\"700\" height=\"241\" src=\"https:\/\/caminhosdefatima.org\/_cf\/wp-content\/uploads\/2023\/12\/Turismo_de_Portugal_Logo-700x241-1.png\" alt=\"\" class=\"wp-image-1780\" style=\"height:100px\"\/><\/a><\/figure>\n<\/div>\n\n\n\n<div class=\"wp-block-column is-vertically-aligned-center is-layout-flow wp-block-column-is-layout-flow\"><div class=\"wp-block-image\">\n<figure class=\"aligncenter size-large is-resized\"><a href=\"https:\/\/www.fatima.pt\" target=\"_blank\" rel=\"noreferrer noopener\"><img loading=\"lazy\" decoding=\"async\" width=\"1200\" height=\"551\" src=\"https:\/\/caminhosdefatima.org\/_cf\/wp-content\/uploads\/2023\/12\/2018-05-12_Monograma_2-1200x551.jpg\" alt=\"\" class=\"wp-image-1787\" style=\"height:160px\" srcset=\"https:\/\/caminhosdefatima.org\/_cf\/wp-content\/uploads\/2023\/12\/2018-05-12_Monograma_2-1200x551.jpg 1200w, https:\/\/caminhosdefatima.org\/_cf\/wp-content\/uploads\/2023\/12\/2018-05-12_Monograma_2-1024x470.jpg 1024w, https:\/\/caminhosdefatima.org\/_cf\/wp-content\/uploads\/2023\/12\/2018-05-12_Monograma_2-800x367.jpg 800w, https:\/\/caminhosdefatima.org\/_cf\/wp-content\/uploads\/2023\/12\/2018-05-12_Monograma_2-768x352.jpg 768w, https:\/\/caminhosdefatima.org\/_cf\/wp-content\/uploads\/2023\/12\/2018-05-12_Monograma_2.jpg 1508w\" sizes=\"(max-width: 1200px) 100vw, 1200px\" \/><\/a><\/figure><\/div><\/div>\n<\/div>\n\n\n\n<div style=\"height:5px\" aria-hidden=\"true\" class=\"wp-block-spacer\"><\/div>\n\n\n\n<h2 class=\"wp-block-heading\"><strong>Partenaires institutionnels<\/strong><\/h2>\n\n\n\n<p class=\"has-medium-font-size\">Association Caminhos de F\u00e1tima<\/p>\n\n\n\n<p class=\"has-medium-font-size\">ACISO &#8211; Association du Commerce, de l&rsquo;Industrie et des Services de la municipalit\u00e9 d&rsquo;Our\u00e9m<\/p>\n\n\n\n<p class=\"has-medium-font-size\">Association de P\u00e8lerins Via Lusitana<\/p>\n\n\n\n<p class=\"has-medium-font-size\">Association des Amis du Chemin Portugais de Compostelle<\/p>\n\n\n\n<p class=\"has-medium-font-size\">Communaut\u00e9 de Communes du M\u00e9dio Tejo<\/p>\n\n\n\n<p class=\"has-medium-font-size\">Autorit\u00e9 R\u00e9gionale du Tourisme de la R\u00e9gion de Lisbonne<\/p>\n\n\n\n<p class=\"has-medium-font-size\">Autorit\u00e9 R\u00e9gionale du Tourisme de l&rsquo;Alentejo<\/p>\n\n\n\n<p class=\"has-medium-font-size\">Autorit\u00e9 R\u00e9gionale du Tourisme de la R\u00e9gion Centre<\/p>\n\n\n\n<p class=\"has-medium-font-size\">Autorit\u00e9 R\u00e9gionale du Tourisme de Porto et du Nord du Portugal<\/p>\n\n\n\n<p class=\"has-medium-font-size\">Ordre de Malte<\/p>\n\n\n\n<p class=\"has-medium-font-size\">Sanctuaire de F\u00e1tima<\/p>\n\n\n\n<p class=\"has-medium-font-size\">Turismo de Portugal<\/p>\n\n\n\n<div style=\"height:5px\" aria-hidden=\"true\" class=\"wp-block-spacer\"><\/div>\n\n\n\n<h2 class=\"wp-block-heading\"><strong>Communes<\/strong><\/h2>\n\n\n\n<p class=\"has-small-font-size\"><strong>Les mairies dont le territoire est travers\u00e9 par les Chemins de F\u00e1tima<\/strong><\/p>\n\n\n\n<div class=\"wp-block-columns is-layout-flex wp-container-core-columns-layout-2 wp-block-columns-is-layout-flex\">\n<div class=\"wp-block-column is-layout-flow wp-block-column-is-layout-flow\">\n<p class=\"has-medium-font-size\">\u00c1gueda&nbsp;<br>Albergaria-a-Velha&nbsp;<br>Alcanena&nbsp;<br>Alcoba\u00e7a&nbsp;<br>Alenquer&nbsp;<br>Alvai\u00e1zere&nbsp;<br>Anadia&nbsp;<br>Ansi\u00e3o&nbsp;<br>Azambuja&nbsp;<br>Barcelos&nbsp;<br>Batalha&nbsp;<br>Cartaxo<\/p>\n<\/div>\n\n\n\n<div class=\"wp-block-column is-layout-flow wp-block-column-is-layout-flow\">\n<p class=\"has-medium-font-size\">Coimbra&nbsp;<br>Condeixa-a-Nova&nbsp;<br>Lisboa&nbsp;<br>Loures&nbsp;<br>Maia&nbsp;<br>Matosinhos&nbsp;<br>Mealhada&nbsp;<br>Nazar\u00e9&nbsp;<br>Oliveira de Azem\u00e9is&nbsp;<br>Our\u00e9m&nbsp;<br>Paredes de Coura&nbsp;<br>Penela<\/p>\n<\/div>\n\n\n\n<div class=\"wp-block-column is-layout-flow wp-block-column-is-layout-flow\">\n<p class=\"has-medium-font-size\">Ponte de Lima\u00a0<br>Porto\u00a0<br>Porto de M\u00f3s\u00a0<br>P\u00f3voa de Varzim\u00a0<br>Rio Maior<br>Santa Maria da Feira\u00a0<br>Santar\u00e9m\u00a0<br>S\u00e3o Jo\u00e3o da Madeira\u00a0<br>Valen\u00e7a\u00a0<br>Vila do Conde\u00a0<br>Vila Franca de Xira\u00a0<br>Vila Nova de Gaia<\/p>\n\n\n\n<p><\/p>\n<\/div>\n<\/div>\n\n\n\n<div style=\"height:5px\" aria-hidden=\"true\" class=\"wp-block-spacer\"><\/div>\n\n\n\n<h2 class=\"wp-block-heading\"><strong><strong>Op\u00e9rateurs de tourisme culturel<\/strong><\/strong><\/h2>\n\n\n\n<p class=\"has-small-font-size\"><strong>Entreprises certifi\u00e9es par le Centro Nacional de Cultura dont l&rsquo;activit\u00e9 s&rsquo;inscrit dans le cadre des Chemins de F\u00e1tima<\/strong><\/p>\n\n\n\n<p class=\"has-medium-font-size\">Outmore&nbsp;<\/p>\n\n\n\n<p class=\"has-medium-font-size\">Portugal A2Z Walking &amp; Biking&nbsp;<\/p>\n\n\n\n<p class=\"has-medium-font-size\">Portugal Green Walks&nbsp;<\/p>\n\n\n\n<p class=\"has-medium-font-size\">Upstream Portugal&nbsp;<\/p>\n\n\n\n<p class=\"has-medium-font-size\">ViagePortugal&nbsp;<\/p>\n","protected":false},"excerpt":{"rendered":"<p>S\u00e3o parceiros do Centro Nacional de Cultura na elabora\u00e7\u00e3o destes Caminhos:&nbsp; Partenaires institutionnels Association Caminhos de F\u00e1tima ACISO &#8211; Association du Commerce, de l&rsquo;Industrie et des Services de la municipalit\u00e9 d&rsquo;Our\u00e9m Association de P\u00e8lerins Via Lusitana Association des Amis du Chemin Portugais de Compostelle Communaut\u00e9 de Communes du M\u00e9dio Tejo Autorit\u00e9 R\u00e9gionale du Tourisme de [&hellip;]<\/p>\n","protected":false},"author":1,"featured_media":1775,"parent":0,"menu_order":0,"comment_status":"closed","ping_status":"closed","template":"","meta":{"footnotes":""},"acf":[],"_links":{"self":[{"href":"https:\/\/caminhosdefatima.org\/fr\/wp-json\/wp\/v2\/pages\/3650"}],"collection":[{"href":"https:\/\/caminhosdefatima.org\/fr\/wp-json\/wp\/v2\/pages"}],"about":[{"href":"https:\/\/caminhosdefatima.org\/fr\/wp-json\/wp\/v2\/types\/page"}],"author":[{"embeddable":true,"href":"https:\/\/caminhosdefatima.org\/fr\/wp-json\/wp\/v2\/users\/1"}],"replies":[{"embeddable":true,"href":"https:\/\/caminhosdefatima.org\/fr\/wp-json\/wp\/v2\/comments?post=3650"}],"version-history":[{"count":14,"href":"https:\/\/caminhosdefatima.org\/fr\/wp-json\/wp\/v2\/pages\/3650\/revisions"}],"predecessor-version":[{"id":4563,"href":"https:\/\/caminhosdefatima.org\/fr\/wp-json\/wp\/v2\/pages\/3650\/revisions\/4563"}],"wp:featuredmedia":[{"embeddable":true,"href":"https:\/\/caminhosdefatima.org\/fr\/wp-json\/wp\/v2\/media\/1775"}],"wp:attachment":[{"href":"https:\/\/caminhosdefatima.org\/fr\/wp-json\/wp\/v2\/media?parent=3650"}],"curies":[{"name":"wp","href":"https:\/\/api.w.org\/{rel}","templated":true}]}}