{"id":4353,"date":"2023-11-09T13:55:20","date_gmt":"2023-11-09T13:55:20","guid":{"rendered":"https:\/\/caminhosdefatima.org\/centro-nacional-de-cultura\/"},"modified":"2024-02-15T15:53:12","modified_gmt":"2024-02-15T15:53:12","slug":"centro-nacional-de-cultura","status":"publish","type":"page","link":"https:\/\/caminhosdefatima.org\/it\/centro-nacional-de-cultura\/","title":{"rendered":"Centro Nacional de Cultura"},"content":{"rendered":"\n<p>Il Centro Nacional de Cultura \u00e8 un\u2019associazione culturale di utilit\u00e0 pubblica. Creato il 13 maggio 1945 da un gruppo di monarchi e cattolici oppositori del regime salazarista, \u00e8 stato concepito come un \u201cclub di intellettuali\u201d volto alla discussione e al dibattito delle idee. \u00c8 stato registrato nel 1952.<\/p>\n\n\n\n<p>Con sempre in vista l\u2019obiettivo della \u201cdifesa di una cultura libera\u201d, negli anni Sessanta sotto la guida di intellettuali come Sophia de Mello Breyner Andresen, Francisco Sousa Tavares, Gon\u00e7alo Ribeiro Telles, Jo\u00e3o B\u00e9nard da Costa e Ant\u00f3nio Al\u00e7ada Baptista, si \u00e8 affermato come un forum democratico a cui hanno partecipato intellettuali e creatori culturali.<\/p>\n\n\n\n<p>Dopo il 25 aprile 1974, sotto la spinta della squadra capitanata da Helena Vaz da Silva \u00e8 iniziata una nuova fase, incentrata sull&#8217;internazionalizzazione e sulla valorizzazione della cultura e del patrimonio, con attivit\u00e0 molto diverse e rivolte ad un pubblico diversificato: \u201cPasseggiate della domenica\u201d, cicli di viaggi culturali, corsi di formazione e di divulgazione, incontri internazionali, seminari, esposizioni, edizioni, concorsi letterari e artistici, premi e borse di studio, attivit\u00e0 infantili, prestazione di servizi culturali a scuole, imprese e gruppi stranieri in visita in Portogallo.<\/p>\n\n\n\n<p>Nel XXI secolo, il CNC rafforza la sua matrice identitaria, valorizzando la memoria storica, promuovendo l\u2019atto creativo contemporaneo e rafforzando il dibattito sul piano della cultura e della cittadinanza attiva. Le sue grandi linee di intervento sono la difesa, la divulgazione e la valorizzazione del patrimonio culturale, basandosi su un concetto integrato di territorio, comunit\u00e0, ambiente, patrimonio e turismo. Nella quotidianit\u00e0, il suo intervento pu\u00f2 essere sintetizzato come una politica del \u201cmettere in contatto\u201d, dell\u2019 \u201carticolare\u201d, del \u201cfar succedere\u201d.<\/p>\n\n\n\n<p>A partire dal quartiere del Chiado a Lisbona, dove \u00e8 situata la nostra sede, che dispone anche di una biblioteca e di un caff\u00e8 letterario (Caf\u00e9 no Chiado), sviluppiamo attivit\u00e0 e progetti. Il Centro Nacional de Cultura fa parte di reti internazionali e garantisce la rappresentanza ufficiale di Europa Nostra in Portogallo. \u00c8 l\u2019ente a cui fa riferimento il progetto Caminhos de F\u00e1tima (Cammini di F\u00e1tima) ed \u00e8 proprietario della rispettiva marca.<\/p>\n\n\n\n<div style=\"height:30px\" aria-hidden=\"true\" class=\"wp-block-spacer\"><\/div>\n\n\n\n<p>Per saperne di pi\u00f9, visitate il sito web <a href=\"https:\/\/www.cnc.pt\/\" data-type=\"link\" data-id=\"https:\/\/www.cnc.pt\/\" target=\"_blank\" rel=\"noreferrer noopener\">cnc.pt<\/a><\/p>\n\n\n\n<div style=\"height:30px\" aria-hidden=\"true\" class=\"wp-block-spacer\"><\/div>\n","protected":false},"excerpt":{"rendered":"<p>Il Centro Nazionale di Cultura (Centro Nacional de Cultura) \u00e8 un&#8217;associazione culturale privata di pubblica utilit\u00e0, fondata nel 1945, che promuove la memoria storica e la creazione contemporanea, rafforza il dibattito sulla cultura e la cittadinanza attiva, con le sue principali linee d&#8217;azione che sono la difesa, la diffusione e la valorizzazione del patrimonio culturale. Sviluppa attivit\u00e0 e progetti nazionali e internazionali, in particolare itinerari culturali.<\/p>\n","protected":false},"author":1,"featured_media":4151,"parent":0,"menu_order":0,"comment_status":"closed","ping_status":"closed","template":"","meta":{"footnotes":""},"acf":[],"_links":{"self":[{"href":"https:\/\/caminhosdefatima.org\/it\/wp-json\/wp\/v2\/pages\/4353"}],"collection":[{"href":"https:\/\/caminhosdefatima.org\/it\/wp-json\/wp\/v2\/pages"}],"about":[{"href":"https:\/\/caminhosdefatima.org\/it\/wp-json\/wp\/v2\/types\/page"}],"author":[{"embeddable":true,"href":"https:\/\/caminhosdefatima.org\/it\/wp-json\/wp\/v2\/users\/1"}],"replies":[{"embeddable":true,"href":"https:\/\/caminhosdefatima.org\/it\/wp-json\/wp\/v2\/comments?post=4353"}],"version-history":[{"count":3,"href":"https:\/\/caminhosdefatima.org\/it\/wp-json\/wp\/v2\/pages\/4353\/revisions"}],"predecessor-version":[{"id":4575,"href":"https:\/\/caminhosdefatima.org\/it\/wp-json\/wp\/v2\/pages\/4353\/revisions\/4575"}],"wp:featuredmedia":[{"embeddable":true,"href":"https:\/\/caminhosdefatima.org\/it\/wp-json\/wp\/v2\/media\/4151"}],"wp:attachment":[{"href":"https:\/\/caminhosdefatima.org\/it\/wp-json\/wp\/v2\/media?parent=4353"}],"curies":[{"name":"wp","href":"https:\/\/api.w.org\/{rel}","templated":true}]}}